{"id":521,"date":"2020-11-02T14:08:09","date_gmt":"2020-11-02T14:08:09","guid":{"rendered":"https:\/\/stareyesmusiceducation.com\/?page_id=521"},"modified":"2025-03-24T12:10:29","modified_gmt":"2025-03-24T17:10:29","slug":"librairie-audio-volume-1","status":"publish","type":"page","link":"https:\/\/stareyesmusiceducation.com\/fr\/librairie-audio-volume-1\/","title":{"rendered":"Librairie Audio volume 1"},"content":{"rendered":"<p>[et_pb_section fb_built=\u00a0\u00bb1&Prime; next_background_color=\u00a0\u00bb#ffffff\u00a0\u00bb _builder_version=\u00a0\u00bb4.16&Prime; _module_preset=\u00a0\u00bbdefault\u00a0\u00bb background_image=\u00a0\u00bbhttps:\/\/stareyesmusiceducation.com\/wp-content\/uploads\/2020\/10\/cielback.png\u00a0\u00bb module_alignment=\u00a0\u00bbcenter\u00a0\u00bb height=\u00a0\u00bb2744px\u00a0\u00bb custom_margin=\u00a0\u00bb||412px|||\u00a0\u00bb custom_padding=\u00a0\u00bb||1093px|||\u00a0\u00bb bottom_divider_style=\u00a0\u00bbwaves2&Prime; global_colors_info=\u00a0\u00bb{}\u00a0\u00bb][et_pb_row column_structure=\u00a0\u00bb1_2,1_2&Prime; _builder_version=\u00a0\u00bb4.16&Prime; _module_preset=\u00a0\u00bbdefault\u00a0\u00bb max_width=\u00a0\u00bb1200px\u00a0\u00bb custom_padding=\u00a0\u00bb||9px|||\u00a0\u00bb global_colors_info=\u00a0\u00bb{}\u00a0\u00bb][et_pb_column type=\u00a0\u00bb1_2&Prime; _builder_version=\u00a0\u00bb4.16&Prime; _module_preset=\u00a0\u00bbdefault\u00a0\u00bb global_colors_info=\u00a0\u00bb{}\u00a0\u00bb][et_pb_text _builder_version=\u00a0\u00bb4.16&Prime; _module_preset=\u00a0\u00bbdefault\u00a0\u00bb global_colors_info=\u00a0\u00bb{}\u00a0\u00bb]<\/p>\n<h2 class=\"trackTitle\"><span style=\"color: #ffffff;\">Librairie Audio volume\u00a0 I \u00abpulsation et locomotion\u00bb<\/span><\/h2>\n<h5 class=\"p1\"><span style=\"color: #ffffff;\">par\u00a0Fran\u00e7oise Lombard<\/span><\/h5>\n<p><span style=\"color: #ffffff;\"><\/span><\/p>\n<p><span style=\"color: #ffffff;\"><strong>LE GUIDE P\u00c9DAGOGIQUE est inclus dans l&rsquo;achat du volume.<br \/><\/strong><strong>Il contient des explications et des suggestions pour le d\u00e9roulement p\u00e9dagogique de chaque piste musicale.<\/strong><\/span><\/p>\n<p>[\/et_pb_text][et_pb_button button_url=\u00a0\u00bbhttps:\/\/francoise-lombard.com\u00a0\u00bb button_text=\u00a0\u00bbMaintenant en streaming\u00a0\u00bb _builder_version=\u00a0\u00bb4.27.4&Prime; _module_preset=\u00a0\u00bbdefault\u00a0\u00bb background_layout=\u00a0\u00bbdark\u00a0\u00bb custom_margin=\u00a0\u00bb-22px|||||\u00a0\u00bb hover_enabled=\u00a0\u00bb0&Prime; global_colors_info=\u00a0\u00bb{}\u00a0\u00bb sticky_enabled=\u00a0\u00bb0&Prime;][\/et_pb_button][et_pb_image src=\u00a0\u00bbhttps:\/\/stareyesmusiceducation.com\/wp-content\/uploads\/2023\/04\/Librairie-audio-1-2023.jpg\u00a0\u00bb title_text=\u00a0\u00bbLibrairie-audio-1-2023&Prime; url=\u00a0\u00bbhttps:\/\/francoise-lombard.com\u00a0\u00bb _builder_version=\u00a0\u00bb4.27.4&Prime; _module_preset=\u00a0\u00bbdefault\u00a0\u00bb width=\u00a0\u00bb58%\u00a0\u00bb hover_enabled=\u00a0\u00bb0&Prime; global_colors_info=\u00a0\u00bb{}\u00a0\u00bb sticky_enabled=\u00a0\u00bb0&Prime;][\/et_pb_image][\/et_pb_column][et_pb_column type=\u00a0\u00bb1_2&Prime; _builder_version=\u00a0\u00bb4.16&Prime; _module_preset=\u00a0\u00bbdefault\u00a0\u00bb global_colors_info=\u00a0\u00bb{}\u00a0\u00bb][et_pb_code _builder_version=\u00a0\u00bb4.16&Prime; _module_preset=\u00a0\u00bbdefault\u00a0\u00bb global_colors_info=\u00a0\u00bb{}\u00a0\u00bb]<iframe loading=\"lazy\" src=\"https:\/\/player.vimeo.com\/video\/599686023?h=accd4a99d7\" width=\"640\" height=\"360\" frameborder=\"0\" allow=\"autoplay; fullscreen; picture-in-picture\" allowfullscreen><\/iframe>[\/et_pb_code][\/et_pb_column][\/et_pb_row][et_pb_row column_structure=\u00a0\u00bb1_2,1_4,1_4&Prime; _builder_version=\u00a0\u00bb4.16&Prime; _module_preset=\u00a0\u00bbdefault\u00a0\u00bb max_width=\u00a0\u00bb1200px\u00a0\u00bb custom_padding=\u00a0\u00bb16px||0px|||\u00a0\u00bb global_colors_info=\u00a0\u00bb{}\u00a0\u00bb][et_pb_column type=\u00a0\u00bb1_2&Prime; _builder_version=\u00a0\u00bb4.16&Prime; _module_preset=\u00a0\u00bbdefault\u00a0\u00bb global_colors_info=\u00a0\u00bb{}\u00a0\u00bb][et_pb_audio audio=\u00a0\u00bbhttps:\/\/stareyesmusiceducation.com\/wp-content\/uploads\/2020\/11\/Comple\u0300te-1.-Marche.mp3&Prime; title=\u00a0\u00bb1. marche 01:54&Prime; _builder_version=\u00a0\u00bb4.16&Prime; _module_preset=\u00a0\u00bbdefault\u00a0\u00bb title_text_color=\u00a0\u00bb#ffffff\u00a0\u00bb title_font_size=\u00a0\u00bb18px\u00a0\u00bb title_line_height=\u00a0\u00bb1em\u00a0\u00bb caption_line_height=\u00a0\u00bb1em\u00a0\u00bb background_color=\u00a0\u00bbrgba(0,0,0,0)\u00a0\u00bb background_enable_image=\u00a0\u00bboff\u00a0\u00bb text_orientation=\u00a0\u00bbleft\u00a0\u00bb width=\u00a0\u00bb100%\u00a0\u00bb max_width=\u00a0\u00bb100%\u00a0\u00bb module_alignment=\u00a0\u00bbleft\u00a0\u00bb min_height=\u00a0\u00bb100px\u00a0\u00bb height=\u00a0\u00bb100px\u00a0\u00bb max_height=\u00a0\u00bb100px\u00a0\u00bb custom_margin=\u00a0\u00bb0px||0px|0px|false|false\u00a0\u00bb custom_padding=\u00a0\u00bb0px||0px|0px|false|false\u00a0\u00bb animation_style=\u00a0\u00bbfade\u00a0\u00bb box_shadow_style=\u00a0\u00bbpreset3&Prime; locked=\u00a0\u00bboff\u00a0\u00bb global_colors_info=\u00a0\u00bb{}\u00a0\u00bb width__hover_enabled=\u00a0\u00bbon|desktop\u00a0\u00bb width__hover=\u00a0\u00bb100%\u00a0\u00bb][\/et_pb_audio][et_pb_text _builder_version=\u00a0\u00bb4.16&Prime; _module_preset=\u00a0\u00bbdefault\u00a0\u00bb global_colors_info=\u00a0\u00bb{}\u00a0\u00bb]<\/p>\n<p style=\"margin: .1pt 0cm .1pt 0cm;\"><span style=\"color: #ffffff;\"><span lang=\"FR-CA\" style=\"font-size: 12.0pt; font-family: 'Arial',sans-serif;\">CONTENU P\u00c9DAGOGIQUE DE LA PISTE 1 extrait du guide<o:p><\/o:p><\/span><span lang=\"FR-CA\" style=\"font-size: 12.0pt; font-family: 'Arial',sans-serif;\"><\/span><\/span><\/p>\n<p><span style=\"color: #ffffff;\">Cette musique a une pulsation r\u00e9guli\u00e8re qui se pr\u00eate \u00e0 la marche : marcher en suivant la pulsation = un pas pour chaque son. Quel est le style de cette musique? Dans quel type de paysage se trouve-t-on? Marcher en cadence dans le paysage qu&rsquo;on imagine (le d\u00e9sert?) et s&rsquo;arr\u00eater parfois (signal de l&rsquo;enseignant en lien avec les phrases musicales), pour mimer une activit\u00e9, toujours avec le m\u00eame tempo que la musique; se remettre en route. Marcher et changer de direction lorsqu&rsquo;on entend une nouvelle phrase commencer.<\/span><\/p>\n<p>[\/et_pb_text][et_pb_audio audio=\u00a0\u00bbhttps:\/\/stareyesmusiceducation.com\/wp-content\/uploads\/2020\/11\/Snippets-2.-Mouvement-me\u0301lodique-et-notes-re\u0301pe\u0301te\u0301es.mp3&Prime; title=\u00a0\u00bb2. marche en avant \/ sur place 02:43&Prime; album_name=\u00a0\u00bbLA MELODIE AVANCE PUIS S&rsquo;ARRETE &#8230;\u00a0\u00bb _builder_version=\u00a0\u00bb4.16&Prime; _module_preset=\u00a0\u00bbdefault\u00a0\u00bb title_text_color=\u00a0\u00bb#ffffff\u00a0\u00bb title_font_size=\u00a0\u00bb18px\u00a0\u00bb title_line_height=\u00a0\u00bb1em\u00a0\u00bb caption_line_height=\u00a0\u00bb1em\u00a0\u00bb background_color=\u00a0\u00bbrgba(0,0,0,0)\u00a0\u00bb background_enable_image=\u00a0\u00bboff\u00a0\u00bb text_orientation=\u00a0\u00bbleft\u00a0\u00bb width=\u00a0\u00bb100%\u00a0\u00bb max_width=\u00a0\u00bb100%\u00a0\u00bb module_alignment=\u00a0\u00bbleft\u00a0\u00bb min_height=\u00a0\u00bb100px\u00a0\u00bb height=\u00a0\u00bb100px\u00a0\u00bb max_height=\u00a0\u00bb100px\u00a0\u00bb custom_margin=\u00a0\u00bb0px||0px|0px|false|false\u00a0\u00bb custom_padding=\u00a0\u00bb0px||0px|0px|false|false\u00a0\u00bb animation_style=\u00a0\u00bbfade\u00a0\u00bb box_shadow_style=\u00a0\u00bbpreset3&Prime; locked=\u00a0\u00bboff\u00a0\u00bb global_colors_info=\u00a0\u00bb{}\u00a0\u00bb width__hover_enabled=\u00a0\u00bbon|desktop\u00a0\u00bb width__hover=\u00a0\u00bb100%\u00a0\u00bb][\/et_pb_audio][et_pb_audio audio=\u00a0\u00bbhttps:\/\/stareyesmusiceducation.com\/wp-content\/uploads\/2020\/11\/Snippets-3.-Une-ou-deux-ou-plusieurs-voix.mp3&Prime; title=\u00a0\u00bb3. 1 voix, 2 voix, plusieurs voix 02:44&Prime; album_name=\u00a0\u00bbDES VOIX COMME DES PERSONNES : SEULES, A DEUX, EN GROUPE\u00a0\u00bb _builder_version=\u00a0\u00bb4.16&Prime; _module_preset=\u00a0\u00bbdefault\u00a0\u00bb title_text_color=\u00a0\u00bb#ffffff\u00a0\u00bb title_font_size=\u00a0\u00bb18px\u00a0\u00bb title_line_height=\u00a0\u00bb1em\u00a0\u00bb caption_line_height=\u00a0\u00bb1em\u00a0\u00bb background_color=\u00a0\u00bbrgba(0,0,0,0)\u00a0\u00bb background_enable_image=\u00a0\u00bboff\u00a0\u00bb text_orientation=\u00a0\u00bbleft\u00a0\u00bb width=\u00a0\u00bb100%\u00a0\u00bb max_width=\u00a0\u00bb100%\u00a0\u00bb module_alignment=\u00a0\u00bbleft\u00a0\u00bb min_height=\u00a0\u00bb100px\u00a0\u00bb height=\u00a0\u00bb100px\u00a0\u00bb max_height=\u00a0\u00bb100px\u00a0\u00bb custom_margin=\u00a0\u00bb0px||0px|0px|false|false\u00a0\u00bb custom_padding=\u00a0\u00bb0px||0px|0px|false|false\u00a0\u00bb animation_style=\u00a0\u00bbfade\u00a0\u00bb box_shadow_style=\u00a0\u00bbpreset3&Prime; locked=\u00a0\u00bboff\u00a0\u00bb global_colors_info=\u00a0\u00bb{}\u00a0\u00bb width__hover_enabled=\u00a0\u00bbon|desktop\u00a0\u00bb width__hover=\u00a0\u00bb100%\u00a0\u00bb][\/et_pb_audio][et_pb_audio audio=\u00a0\u00bbhttps:\/\/stareyesmusiceducation.com\/wp-content\/uploads\/2020\/11\/Snippets-4.-Changement-de-tempo.mp3&Prime; title=\u00a0\u00bb4. changement de tempo 01:22&Prime; album_name=\u00a0\u00bbLA MUSIQUE ACCELERE OU RALENTIT : ON S&rsquo;ADAPTE !\u00a0\u00bb _builder_version=\u00a0\u00bb4.16&Prime; _module_preset=\u00a0\u00bbdefault\u00a0\u00bb title_text_color=\u00a0\u00bb#ffffff\u00a0\u00bb title_font_size=\u00a0\u00bb18px\u00a0\u00bb title_line_height=\u00a0\u00bb1em\u00a0\u00bb caption_line_height=\u00a0\u00bb1em\u00a0\u00bb background_color=\u00a0\u00bbrgba(0,0,0,0)\u00a0\u00bb background_enable_image=\u00a0\u00bboff\u00a0\u00bb text_orientation=\u00a0\u00bbleft\u00a0\u00bb width=\u00a0\u00bb100%\u00a0\u00bb max_width=\u00a0\u00bb100%\u00a0\u00bb module_alignment=\u00a0\u00bbleft\u00a0\u00bb min_height=\u00a0\u00bb100px\u00a0\u00bb height=\u00a0\u00bb100px\u00a0\u00bb max_height=\u00a0\u00bb100px\u00a0\u00bb custom_margin=\u00a0\u00bb0px||0px|0px|false|false\u00a0\u00bb custom_padding=\u00a0\u00bb0px||0px|0px|false|false\u00a0\u00bb animation_style=\u00a0\u00bbfade\u00a0\u00bb box_shadow_style=\u00a0\u00bbpreset3&Prime; locked=\u00a0\u00bboff\u00a0\u00bb global_colors_info=\u00a0\u00bb{}\u00a0\u00bb width__hover_enabled=\u00a0\u00bbon|desktop\u00a0\u00bb width__hover=\u00a0\u00bb100%\u00a0\u00bb][\/et_pb_audio][et_pb_audio audio=\u00a0\u00bbhttps:\/\/stareyesmusiceducation.com\/wp-content\/uploads\/2020\/11\/Snippets-5.-Phrases-en-44.mp3&Prime; title=\u00a0\u00bb5. phrases en 4\/4 02:32&Prime; album_name=\u00a0\u00bbCOMME AVEC LES MOTS, LA MUSIQUE RESPIRE, ELLE INTERROGE, ELLE AFFIRME\u00a0\u00bb _builder_version=\u00a0\u00bb4.16&Prime; _module_preset=\u00a0\u00bbdefault\u00a0\u00bb title_text_color=\u00a0\u00bb#ffffff\u00a0\u00bb title_font_size=\u00a0\u00bb18px\u00a0\u00bb title_line_height=\u00a0\u00bb1em\u00a0\u00bb caption_line_height=\u00a0\u00bb1em\u00a0\u00bb background_color=\u00a0\u00bbrgba(0,0,0,0)\u00a0\u00bb background_enable_image=\u00a0\u00bboff\u00a0\u00bb text_orientation=\u00a0\u00bbleft\u00a0\u00bb width=\u00a0\u00bb100%\u00a0\u00bb max_width=\u00a0\u00bb100%\u00a0\u00bb module_alignment=\u00a0\u00bbleft\u00a0\u00bb min_height=\u00a0\u00bb100px\u00a0\u00bb height=\u00a0\u00bb100px\u00a0\u00bb max_height=\u00a0\u00bb100px\u00a0\u00bb custom_margin=\u00a0\u00bb0px||0px|0px|false|false\u00a0\u00bb custom_padding=\u00a0\u00bb0px||0px|0px|false|false\u00a0\u00bb animation_style=\u00a0\u00bbfade\u00a0\u00bb box_shadow_style=\u00a0\u00bbpreset3&Prime; locked=\u00a0\u00bboff\u00a0\u00bb global_colors_info=\u00a0\u00bb{}\u00a0\u00bb width__hover_enabled=\u00a0\u00bbon|desktop\u00a0\u00bb width__hover=\u00a0\u00bb100%\u00a0\u00bb][\/et_pb_audio][et_pb_audio audio=\u00a0\u00bbhttps:\/\/stareyesmusiceducation.com\/wp-content\/uploads\/2020\/11\/Snippets-6.-Jouer-avec-5-rythmes-diffe\u0301rents-en4.mp3&Prime; title=\u00a0\u00bb6. jouer avec 5 rythmes diff\u00e9rents 01:34&Prime; album_name=\u00a0\u00bbRYTHMES VARI\u00c9S DANS UN CADRE FIXE : LA MESURE\u00a0\u00bb _builder_version=\u00a0\u00bb4.16&Prime; _module_preset=\u00a0\u00bbdefault\u00a0\u00bb title_text_color=\u00a0\u00bb#ffffff\u00a0\u00bb title_font_size=\u00a0\u00bb18px\u00a0\u00bb title_line_height=\u00a0\u00bb1em\u00a0\u00bb caption_line_height=\u00a0\u00bb1em\u00a0\u00bb background_color=\u00a0\u00bbrgba(0,0,0,0)\u00a0\u00bb background_enable_image=\u00a0\u00bboff\u00a0\u00bb text_orientation=\u00a0\u00bbleft\u00a0\u00bb width=\u00a0\u00bb100%\u00a0\u00bb max_width=\u00a0\u00bb100%\u00a0\u00bb module_alignment=\u00a0\u00bbleft\u00a0\u00bb min_height=\u00a0\u00bb100px\u00a0\u00bb height=\u00a0\u00bb100px\u00a0\u00bb max_height=\u00a0\u00bb100px\u00a0\u00bb custom_margin=\u00a0\u00bb0px||0px|0px|false|false\u00a0\u00bb custom_padding=\u00a0\u00bb0px||0px|0px|false|false\u00a0\u00bb animation_style=\u00a0\u00bbfade\u00a0\u00bb box_shadow_style=\u00a0\u00bbpreset3&Prime; locked=\u00a0\u00bboff\u00a0\u00bb global_colors_info=\u00a0\u00bb{}\u00a0\u00bb width__hover_enabled=\u00a0\u00bbon|desktop\u00a0\u00bb width__hover=\u00a0\u00bb100%\u00a0\u00bb][\/et_pb_audio][et_pb_audio audio=\u00a0\u00bbhttps:\/\/stareyesmusiceducation.com\/wp-content\/uploads\/2020\/11\/Snippets-7.-Marche-en-34.mp3&Prime; title=\u00a0\u00bb7. marche \u00e0 3 temps 02:39&Prime; album_name=\u00a0\u00bbSENSATION CHALOUP\u00c9E : MARCHER SUR UNE MESURE QUI FAIT DISCRETEMENT BALANCER D&rsquo;UN COTE ET DE L&rsquo;AUTRE\u00a0\u00bb _builder_version=\u00a0\u00bb4.16&Prime; _module_preset=\u00a0\u00bbdefault\u00a0\u00bb title_text_color=\u00a0\u00bb#ffffff\u00a0\u00bb title_font_size=\u00a0\u00bb18px\u00a0\u00bb title_line_height=\u00a0\u00bb1em\u00a0\u00bb caption_line_height=\u00a0\u00bb1em\u00a0\u00bb background_color=\u00a0\u00bbrgba(0,0,0,0)\u00a0\u00bb background_enable_image=\u00a0\u00bboff\u00a0\u00bb text_orientation=\u00a0\u00bbleft\u00a0\u00bb width=\u00a0\u00bb100%\u00a0\u00bb max_width=\u00a0\u00bb100%\u00a0\u00bb module_alignment=\u00a0\u00bbleft\u00a0\u00bb min_height=\u00a0\u00bb100px\u00a0\u00bb height=\u00a0\u00bb100px\u00a0\u00bb max_height=\u00a0\u00bb100px\u00a0\u00bb custom_margin=\u00a0\u00bb0px||0px|0px|false|false\u00a0\u00bb custom_padding=\u00a0\u00bb0px||0px|0px|false|false\u00a0\u00bb animation_style=\u00a0\u00bbfade\u00a0\u00bb box_shadow_style=\u00a0\u00bbpreset3&Prime; locked=\u00a0\u00bboff\u00a0\u00bb global_colors_info=\u00a0\u00bb{}\u00a0\u00bb width__hover_enabled=\u00a0\u00bbon|desktop\u00a0\u00bb width__hover=\u00a0\u00bb100%\u00a0\u00bb][\/et_pb_audio][et_pb_audio audio=\u00a0\u00bbhttps:\/\/stareyesmusiceducation.com\/wp-content\/uploads\/2020\/11\/Snippets-8.-Cinq-temps-changement-de-tempo.mp3&Prime; title=\u00a0\u00bb8. 5 temps, changement de tempo 01:31&Prime; album_name=\u00a0\u00bbFAMILIERE, LA MESURE A 5 TEMPS ? A VOUS D&rsquo;ESSAYER !\u00a0\u00bb _builder_version=\u00a0\u00bb4.16&Prime; _module_preset=\u00a0\u00bbdefault\u00a0\u00bb title_text_color=\u00a0\u00bb#ffffff\u00a0\u00bb title_font_size=\u00a0\u00bb18px\u00a0\u00bb title_line_height=\u00a0\u00bb1em\u00a0\u00bb caption_line_height=\u00a0\u00bb1em\u00a0\u00bb background_color=\u00a0\u00bbrgba(0,0,0,0)\u00a0\u00bb background_enable_image=\u00a0\u00bboff\u00a0\u00bb text_orientation=\u00a0\u00bbleft\u00a0\u00bb width=\u00a0\u00bb100%\u00a0\u00bb max_width=\u00a0\u00bb100%\u00a0\u00bb module_alignment=\u00a0\u00bbleft\u00a0\u00bb min_height=\u00a0\u00bb100px\u00a0\u00bb height=\u00a0\u00bb100px\u00a0\u00bb max_height=\u00a0\u00bb100px\u00a0\u00bb custom_margin=\u00a0\u00bb0px||0px|0px|false|false\u00a0\u00bb custom_padding=\u00a0\u00bb0px||0px|0px|false|false\u00a0\u00bb animation_style=\u00a0\u00bbfade\u00a0\u00bb box_shadow_style=\u00a0\u00bbpreset3&Prime; locked=\u00a0\u00bboff\u00a0\u00bb global_colors_info=\u00a0\u00bb{}\u00a0\u00bb width__hover_enabled=\u00a0\u00bbon|desktop\u00a0\u00bb width__hover=\u00a0\u00bb100%\u00a0\u00bb][\/et_pb_audio][et_pb_audio audio=\u00a0\u00bbhttps:\/\/stareyesmusiceducation.com\/wp-content\/uploads\/2020\/11\/Snippets-9.-Noires-et-syncopes.mp3&Prime; title=\u00a0\u00bb9. noires et syncopes 01:56&Prime; album_name=\u00a0\u00bbELLE TOURNE, ELLE DANSE, LA SYNCOPE\u00a0\u00bb _builder_version=\u00a0\u00bb4.16&Prime; _module_preset=\u00a0\u00bbdefault\u00a0\u00bb title_text_color=\u00a0\u00bb#ffffff\u00a0\u00bb title_font_size=\u00a0\u00bb18px\u00a0\u00bb title_line_height=\u00a0\u00bb1em\u00a0\u00bb caption_line_height=\u00a0\u00bb1em\u00a0\u00bb background_color=\u00a0\u00bbrgba(0,0,0,0)\u00a0\u00bb background_enable_image=\u00a0\u00bboff\u00a0\u00bb text_orientation=\u00a0\u00bbleft\u00a0\u00bb width=\u00a0\u00bb100%\u00a0\u00bb max_width=\u00a0\u00bb100%\u00a0\u00bb module_alignment=\u00a0\u00bbleft\u00a0\u00bb min_height=\u00a0\u00bb100px\u00a0\u00bb height=\u00a0\u00bb100px\u00a0\u00bb max_height=\u00a0\u00bb100px\u00a0\u00bb custom_margin=\u00a0\u00bb0px||0px|0px|false|false\u00a0\u00bb custom_padding=\u00a0\u00bb0px||0px|0px|false|false\u00a0\u00bb animation_style=\u00a0\u00bbfade\u00a0\u00bb box_shadow_style=\u00a0\u00bbpreset3&Prime; locked=\u00a0\u00bboff\u00a0\u00bb global_colors_info=\u00a0\u00bb{}\u00a0\u00bb width__hover_enabled=\u00a0\u00bbon|desktop\u00a0\u00bb width__hover=\u00a0\u00bb100%\u00a0\u00bb][\/et_pb_audio][et_pb_audio audio=\u00a0\u00bbhttps:\/\/stareyesmusiceducation.com\/wp-content\/uploads\/2020\/11\/Snippets-10.-Danse-folklorique-en-24.mp3&Prime; title=\u00a0\u00bb10. danse folklorique en 2\/4 01:38 about\u00a0\u00bb album_name=\u00a0\u00bbENTREZ DANS LA DANSE !\u00a0\u00bb _builder_version=\u00a0\u00bb4.16&Prime; _module_preset=\u00a0\u00bbdefault\u00a0\u00bb title_text_color=\u00a0\u00bb#ffffff\u00a0\u00bb title_font_size=\u00a0\u00bb18px\u00a0\u00bb title_line_height=\u00a0\u00bb1em\u00a0\u00bb caption_line_height=\u00a0\u00bb1em\u00a0\u00bb background_color=\u00a0\u00bbrgba(0,0,0,0)\u00a0\u00bb background_enable_image=\u00a0\u00bboff\u00a0\u00bb text_orientation=\u00a0\u00bbleft\u00a0\u00bb width=\u00a0\u00bb100%\u00a0\u00bb max_width=\u00a0\u00bb100%\u00a0\u00bb module_alignment=\u00a0\u00bbleft\u00a0\u00bb min_height=\u00a0\u00bb100px\u00a0\u00bb height=\u00a0\u00bb100px\u00a0\u00bb max_height=\u00a0\u00bb100px\u00a0\u00bb custom_margin=\u00a0\u00bb0px||0px|0px|false|false\u00a0\u00bb custom_padding=\u00a0\u00bb0px||0px|0px|false|false\u00a0\u00bb animation_style=\u00a0\u00bbfade\u00a0\u00bb box_shadow_style=\u00a0\u00bbpreset3&Prime; locked=\u00a0\u00bboff\u00a0\u00bb global_colors_info=\u00a0\u00bb{}\u00a0\u00bb width__hover_enabled=\u00a0\u00bbon|desktop\u00a0\u00bb width__hover=\u00a0\u00bb100%\u00a0\u00bb][\/et_pb_audio][et_pb_divider color=\u00a0\u00bb#ffffff\u00a0\u00bb _builder_version=\u00a0\u00bb4.16&Prime; _module_preset=\u00a0\u00bbdefault\u00a0\u00bb global_colors_info=\u00a0\u00bb{}\u00a0\u00bb][\/et_pb_divider][et_pb_text _builder_version=\u00a0\u00bb4.16&Prime; _module_preset=\u00a0\u00bbdefault\u00a0\u00bb global_colors_info=\u00a0\u00bb{}\u00a0\u00bb]<\/p>\n<p class=\"p1\"><span style=\"color: #ffffff;\">Ce mat\u00e9riel est destin\u00e9 \u00e0 favoriser l&rsquo;apprentissage de la musique par le mouvement corporel, mais il ne constitue en rien une formation professionnelle \u00abmusique et mouvement\u00bb. Par cons\u00e9quent, son utilisation n&rsquo;autorise pas \u00e0 s&rsquo;attribuer le titre d&rsquo;enseignant en Dalcroze. Cependant, l&rsquo;exp\u00e9rimentation de la Librairie pourrait inspirer et inciter \u00e0 une formation plus avanc\u00e9e de la Rythmique Jaques-Dalcroze, avec l&rsquo;option d&rsquo;obtenir, apr\u00e8s plusieurs ann\u00e9es d&rsquo;\u00e9tudes, une reconnaissance professionnelle.<\/span><\/p>\n<p class=\"p1\"><span style=\"color: #ffffff;\"><\/span><\/p>\n<p>[\/et_pb_text][et_pb_divider color=\u00a0\u00bb#FFFFFF\u00a0\u00bb _builder_version=\u00a0\u00bb4.16&Prime; _module_preset=\u00a0\u00bbdefault\u00a0\u00bb global_colors_info=\u00a0\u00bb{}\u00a0\u00bb][\/et_pb_divider][et_pb_text _builder_version=\u00a0\u00bb4.16&Prime; _module_preset=\u00a0\u00bbdefault\u00a0\u00bb locked=\u00a0\u00bboff\u00a0\u00bb global_colors_info=\u00a0\u00bb{}\u00a0\u00bb]<\/p>\n<h3 class=\"p1\"><span style=\"color: #ffffff;\">Improvisations : Fran\u00e7oise Lombard<span class=\"Apple-converted-space\">\u00a0 <\/span><\/span><br \/> <span style=\"color: #ffffff;\"> \u00a9 Les \u00c9ditions Adragante, Canada<\/span><\/h3>\n<p><span style=\"color: #ffffff;\"><\/span><\/p>\n<p><span style=\"color: #ffffff;\"><\/span><\/p>\n<h3 class=\"p1\"><span style=\"color: #ffffff;\">Recording : Michel Comeau, Northmount Studio, Montreal<\/span><\/h3>\n<h3 class=\"p1\"><span style=\"color: #ffffff;\">Mastering : TrueSound Louis Morneau<\/span><\/h3>\n<h3 class=\"p1\"><span style=\"color: #ffffff;\">Cover photos : David Tucker\u00a0 \u00a0 \u00a9 ICDS<\/span><\/h3>\n<h3 class=\"p1\"><span style=\"color: #ffffff;\"><span class=\"Apple-converted-space\">Cover photos :\u00a0<\/span>Michel Comeau\u00a0 \u00a0 \u00a9 Dalcroze Canada<\/span><\/h3>\n<h3 class=\"p1\"><span style=\"color: #ffffff;\">Cover graphic design : Michel Comeau<\/span><\/h3>\n<p>[\/et_pb_text][\/et_pb_column][et_pb_column type=\u00a0\u00bb1_4&Prime; _builder_version=\u00a0\u00bb4.16&Prime; _module_preset=\u00a0\u00bbdefault\u00a0\u00bb global_colors_info=\u00a0\u00bb{}\u00a0\u00bb][et_pb_text _builder_version=\u00a0\u00bb4.16&Prime; _module_preset=\u00a0\u00bbdefault\u00a0\u00bb global_colors_info=\u00a0\u00bb{}\u00a0\u00bb]<\/p>\n<div class=\"tralbumData tralbum-about\">\n<p><span style=\"color: #ffffff;\">La Librairie Audio \u00abmusique et mouvement\u00bb est constitu\u00e9e d&rsquo;improvisations musicales centr\u00e9es sur divers \u00e9l\u00e9ments qui constituent le langage musical. Ce mat\u00e9riel p\u00e9dagogique a \u00e9t\u00e9 cr\u00e9\u00e9 \u00e0 la demande d&rsquo;enseignants en musique ayant particip\u00e9 \u00e0 des cours de Rythmique Jaques-Dalcroze; il s\u2019adresse \u00e0 toute personne qui enseigne la musique, quelle que soit sa formation. Il a \u00e9t\u00e9 conc\u0327u dans le but de favoriser l&rsquo;apprentissage de la musique et le d\u00e9veloppement global de l&rsquo;enfant et de l&rsquo;adulte en associant le mouvement corporel \u00e0 la musique. Cette association est plus qu\u2019un simple \u201cje bouge avec la musique\u201d; elle engage le v\u00e9hicule primordial de l\u2019\u00eatre humain qui lui permet tout apprentissage : le corps. C\u2019est \u00e0 travers le corps &#8211; et le mouvement corporel &#8211; que l\u2019on ressent, comprend, int\u00e8gre et s\u2019approprie le mieux ses apprentissages.<\/span><\/p>\n<p><span style=\"color: #ffffff;\"><strong>\u00a0<\/strong><\/span><\/p>\n<p><span style=\"color: #ffffff;\">Les pi\u00e8ces musicales offrent un \u00e9ventail de possibilit\u00e9s, du plus simple au plus complexe. Ces pi\u00e8ces sont parfois &#8211; mais pas toujours &#8211; regroup\u00e9es par th\u00e8me (un par volume) et peuvent pr\u00e9senter une progression dans le niveau de difficult\u00e9.<\/span><\/p>\n<p><span style=\"color: #ffffff;\">Chacune d&rsquo;entre elles est accompagn\u00e9e de propositions p\u00e9dagogiques adapt\u00e9es au niveau des \u00e9l\u00e8ves et \u00e0 la grandeur de l&rsquo;espace disponible pour le mouvement corporel.<\/span><\/p>\n<p><span style=\"color: #ffffff;\">Ces pi\u00e8ces sont parfois regroup\u00e9es par th\u00e8me (un par volume) et peuvent pr\u00e9senter une progression dans le niveau de difficult\u00e9.<\/span><\/p>\n<p><span style=\"color: #ffffff;\">\u00a0<\/span><\/p>\n<p><span style=\"color: #ffffff;\">La Librairie Audio s&rsquo;adresse \u00e9galement aux \u00e9tudiants professionnels en Rythmique Jaques-Dalcroze et \u00e0 toute personne int\u00e9ress\u00e9e par le d\u00e9veloppement de la cr\u00e9ation musicale spontan\u00e9e. L&rsquo;ensemble des pi\u00e8ces pourra stimuler leur imagination et les accompagner sur le chemin de l&rsquo;improvisation. Pouvant servir d\u2019exemples \u00e0 explorer dans leur propre d\u00e9marche, ces improvisations constituent une ressource didactique pour les futurs rythmiciens.<\/span><\/p>\n<\/div>\n<p>[\/et_pb_text][\/et_pb_column][et_pb_column type=\u00a0\u00bb1_4&Prime; _builder_version=\u00a0\u00bb4.16&Prime; _module_preset=\u00a0\u00bbdefault\u00a0\u00bb global_colors_info=\u00a0\u00bb{}\u00a0\u00bb][et_pb_text _builder_version=\u00a0\u00bb4.16&Prime; _module_preset=\u00a0\u00bbdefault\u00a0\u00bb global_colors_info=\u00a0\u00bb{}\u00a0\u00bb]<\/p>\n<div class=\"tralbumData tralbum-about\">\n<div class=\"tralbumData tralbum-about\">\n<p><span style=\"color: #ffffff;\"><strong>Le volume 1<\/strong> comprend dix pi\u00e8ces musicales ax\u00e9es pour la plupart sur le th\u00e8me de la locomotion. A travers la marche, la course, le galop, les sautill\u00e9s, la marche lente, des pas de danse etc., le corps apprivoise la pulsation, qui est la base de la musique. La pulsation, dans le corps, se traduit par des d\u00e9marches. On ne peut pas exp\u00e9rimenter la pulsation en dehors de la phrase musicale. Entre la pulsation et la phrase musicale, il y a le groupement des temps qui cr\u00e9e la mesure et le groupement des mesures qui cr\u00e9e les phrases.<\/span><\/p>\n<p><span style=\"color: #ffffff;\">De la pulsation \u00e0 la mesure puis au phras\u00e9, <strong>le volume I<\/strong> rassemble ces notions musicales intimement li\u00e9es entre elles qui donnent vie et sens au discours musical.<\/span><\/p>\n<p><span style=\"color: #ffffff;\"><\/span><\/p>\n<p><span style=\"color: #ffffff;\">Ce volume a \u00e9t\u00e9 cr\u00e9\u00e9 par des professeurs de Rythmique Dalcroze hautement qualifi\u00e9s et des musiciens en activit\u00e9 professionnelle.<\/span><br \/><span style=\"color: #ffffff;\">FRAN\u00c7OISE LOMBARD (Canada) : concept et cr\u00e9ation de la librairie audio, improvisations, guide p\u00e9dagogique.<\/span><\/p>\n<p><span style=\"color: #ffffff;\">Ses coll\u00e8gues LISA PARKER (USA), CHENG-FENG LIN (Canada) et MARY BRICE (Suisse) ont contribu\u00e9 \u00e0 la r\u00e9alisation du projet par leur participation au contenu \u00e9ducatif.<\/span><\/p>\n<p><span style=\"color: #ffffff;\">Enregistrement : Studio Northmount, Montr\u00e9al<\/span><br \/><span style=\"color: #ffffff;\">Direction artistique : Michel Comeau<\/span><br \/><span style=\"color: #ffffff;\">Matri\u00e7age : Louis Morneau<\/span><br \/><span style=\"color: #ffffff;\">Production : Stareyes inc.\u00a0<\/span><br \/><span style=\"color: #ffffff;\">\u00c9dition : \u00a9 Les \u00c9ditions Adragante\/SOCAN<\/span><\/p>\n<p><span style=\"color: #ffffff;\">Tous droits r\u00e9serv\u00e9s<\/span><\/p>\n<p><span style=\"color: #ffffff;\">\u00a0<\/span><\/p>\n<p><span style=\"color: #ffffff;\">Stareyes a \u00e9t\u00e9 fond\u00e9e en 1986 \u00e0 Montr\u00e9al par deux artistes multidisciplinaires. R\u00e9alisations musicales et audiovisuelles ax\u00e9es sur l\u2019\u00e9ducation, les relations, la p\u00e9dagogie musicale et l\u2019\u00e9coute.<\/span><\/p>\n<\/div>\n<\/div>\n<p>[\/et_pb_text][et_pb_image src=\u00a0\u00bbhttps:\/\/stareyesmusiceducation.com\/wp-content\/uploads\/2020\/12\/Librairie-audio-vol-2-cover.png\u00a0\u00bb title_text=\u00a0\u00bbLibrairie audio vol 2 cover\u00a0\u00bb _builder_version=\u00a0\u00bb4.16&Prime; _module_preset=\u00a0\u00bbdefault\u00a0\u00bb global_colors_info=\u00a0\u00bb{}\u00a0\u00bb][\/et_pb_image][et_pb_image src=\u00a0\u00bbhttps:\/\/stareyesmusiceducation.com\/wp-content\/uploads\/2021\/04\/Librairie3.jpg\u00a0\u00bb title_text=\u00a0\u00bbLibrairie3&Prime; _builder_version=\u00a0\u00bb4.16&Prime; _module_preset=\u00a0\u00bbdefault\u00a0\u00bb global_colors_info=\u00a0\u00bb{}\u00a0\u00bb][\/et_pb_image][\/et_pb_column][\/et_pb_row][et_pb_row _builder_version=\u00a0\u00bb4.16&Prime; _module_preset=\u00a0\u00bbdefault\u00a0\u00bb global_colors_info=\u00a0\u00bb{}\u00a0\u00bb][et_pb_column type=\u00a0\u00bb4_4&Prime; _builder_version=\u00a0\u00bb4.16&Prime; _module_preset=\u00a0\u00bbdefault\u00a0\u00bb global_colors_info=\u00a0\u00bb{}\u00a0\u00bb][et_pb_divider divider_style=\u00a0\u00bbgroove\u00a0\u00bb _builder_version=\u00a0\u00bb4.16&Prime; _module_preset=\u00a0\u00bbdefault\u00a0\u00bb global_colors_info=\u00a0\u00bb{}\u00a0\u00bb][\/et_pb_divider][\/et_pb_column][\/et_pb_row][\/et_pb_section]<\/p>\n","protected":false},"excerpt":{"rendered":"<p>Librairie Audio volume\u00a0 I \u00abpulsation et locomotion\u00bb par\u00a0Fran\u00e7oise Lombard LE GUIDE P\u00c9DAGOGIQUE est inclus dans l&rsquo;achat du volume.Il contient des explications et des suggestions pour le d\u00e9roulement p\u00e9dagogique de chaque piste musicale.CONTENU P\u00c9DAGOGIQUE DE LA PISTE 1 extrait du guide Cette musique a une pulsation r\u00e9guli\u00e8re qui se pr\u00eate \u00e0 la marche : marcher en [&hellip;]<\/p>\n","protected":false},"author":1,"featured_media":0,"parent":0,"menu_order":0,"comment_status":"closed","ping_status":"closed","template":"","meta":{"_et_pb_use_builder":"on","_et_pb_old_content":"","_et_gb_content_width":"","footnotes":""},"class_list":["post-521","page","type-page","status-publish","hentry"],"_links":{"self":[{"href":"https:\/\/stareyesmusiceducation.com\/fr\/wp-json\/wp\/v2\/pages\/521","targetHints":{"allow":["GET"]}}],"collection":[{"href":"https:\/\/stareyesmusiceducation.com\/fr\/wp-json\/wp\/v2\/pages"}],"about":[{"href":"https:\/\/stareyesmusiceducation.com\/fr\/wp-json\/wp\/v2\/types\/page"}],"author":[{"embeddable":true,"href":"https:\/\/stareyesmusiceducation.com\/fr\/wp-json\/wp\/v2\/users\/1"}],"replies":[{"embeddable":true,"href":"https:\/\/stareyesmusiceducation.com\/fr\/wp-json\/wp\/v2\/comments?post=521"}],"version-history":[{"count":56,"href":"https:\/\/stareyesmusiceducation.com\/fr\/wp-json\/wp\/v2\/pages\/521\/revisions"}],"predecessor-version":[{"id":4802,"href":"https:\/\/stareyesmusiceducation.com\/fr\/wp-json\/wp\/v2\/pages\/521\/revisions\/4802"}],"wp:attachment":[{"href":"https:\/\/stareyesmusiceducation.com\/fr\/wp-json\/wp\/v2\/media?parent=521"}],"curies":[{"name":"wp","href":"https:\/\/api.w.org\/{rel}","templated":true}]}}